{"id":2,"date":"2014-06-05T10:00:51","date_gmt":"2014-06-05T10:00:51","guid":{"rendered":"http:\/\/buchau.be\/espagne2015\/\/?page_id=2"},"modified":"2015-04-17T12:22:32","modified_gmt":"2015-04-17T10:22:32","slug":"sample-page","status":"publish","type":"page","link":"https:\/\/buchau.be\/espagne2015\/sample-page\/","title":{"rendered":"Backstage"},"content":{"rendered":"<p>Ici, comme d&rsquo;habitude, les d\u00e9tails pratico-pratiques concernant l\u2019organisation de ce voyage:<\/p>\n<p><strong><span style=\"text-decoration: underline;\">Les vols<\/span><\/strong>:<br \/>\n&#8211; Le vol A\/R Belgique-Espagne a \u00e9t\u00e9 r\u00e9serv\u00e9 via <em><a href=\"http:\/\/www.airstop.be\" target=\"_blank\">Airstop.be<\/a><\/em> et <a href=\"http:\/\/www.brusselsairlines.com\/fr-be\/\" target=\"_blank\"><em>Brussels Airlines<\/em><\/a>, au prix de 124\u20ac \/ pers<br \/>\n&#8211; Le vol BCN \/ MAD a \u00e9t\u00e9 effectu\u00e9 sur <em><a href=\"http:\/\/www.aireuropa.com\" target=\"_blank\">AirEuropa<\/a><\/em> au prix de 80\u20ac \/ pers [on a envisag\u00e9 <em><a href=\"http:\/\/www.renfe.com\/FR\/viajeros\/index.html\" target=\"_blank\">le train<\/a><\/em> mais 3h au lieu d&rsquo;1 et pas beaucoup moins cher :-\/ ]<\/p>\n<p><span style=\"text-decoration: underline;\"><strong>Les h\u00f4tels<\/strong><\/span>:<br \/>\n&#8211; Barcelone: <em><a href=\"http:\/\/www3.hilton.com\/en\/hotels\/spain\/hilton-barcelona-BCNHITW\/index.html\" target=\"_blank\">Hilton Barcelona<\/a><\/em>, King Hilton guest room * \u00e0 112\u20ac \/ nuit<br \/>\n&#8211; Madrid: <em><a href=\"http:\/\/www3.hilton.com\/en\/hotels\/spain\/hilton-madrid-airport-MADAPHI\/index.html\" target=\"_blank\">Hilton Madrid Airport<\/a><\/em>,\u00a0 King Hilton guest room * \u00e0 90\u20ac \/ nuit<br \/>\n* petit d\u00e9jeuner, internet et taxes inclus, avec un surclassement (acc\u00e8s \u00e0 l&rsquo;<em>executive lounge<\/em>)<\/p>\n<p><strong><span style=\"text-decoration: underline;\">Les autres d\u00e9penses<\/span><\/strong>:<br \/>\n&#8211; <em><a href=\"http:\/\/www.interparking.be\/brusselsairport\/Home.aspx\" target=\"_blank\">Parking<\/a><\/em> pour 10 jours \u00e0 Zaventem: 79\u20ac &gt; 7,90\u20ac \/ jour<br \/>\n&#8211; R\u00e9servation de la visite de la <em><a href=\"http:\/\/visit.sagradafamilia.cat\/?lang=en#tickets\" target=\"_blank\">Sagrada Familia<\/a><\/em> + ascenseur: 19,50\u20ac \/ pers<br \/>\n&#8211; <em><a href=\"http:\/\/www.barcelonacard.com\/fr\/avantages\" target=\"_blank\">Barcelona Card<\/a><\/em> (mus\u00e9es, coupe-file &amp; transports en commun) 4j: 54\u20ac \/ pers &gt; 13,50\u20ac \/ jour \/ pers<br \/>\n[l&rsquo;atout de cette carte est qu&rsquo;elle inclut le transport; par contre, le nombre d&rsquo;activit\u00e9s &lsquo;incluses&rsquo; est plus limit\u00e9 que celui de sa cousine madril\u00e8ne]<br \/>\n&#8211; <a href=\"http:\/\/www.madridcard.com\/fr\/inicio?\" target=\"_blank\"><em>Madrid Card<\/em><\/a>: (mus\u00e9es &amp; coupe-file) 5j: 77\u20ac \/ pers &gt; 15,40\u20ac \/ jour \/ pers<br \/>\n[cette carte incluait TOUTES les activit\u00e9s que nous avions choisies pour notre s\u00e9jour! Pour les transport, nous avions fait le choix des cartes de 10 places \u00e0 12.20\u20ac \/ pi\u00e8ce; on en a utilis\u00e9 une et demie par personne]<br \/>\n&#8211; taxi a\u00e9roport &gt; avenida Diagonal : 26\u20ac<br \/>\n&#8211; un tr\u00e8s bon souper (entr\u00e9es, plats, vin et eau: 42\u20ac)<\/p>\n<p><span style=\"text-decoration: underline;\"><strong>Les guides<\/strong><\/span>:<br \/>\n&#8211; <em>Barcelone en quelques jours<\/em>, Lonely Planet<br \/>\n&#8211; <em>Barcelone<\/em>, Les guides de voyage National Geographic<br \/>\n&#8211; <em>Madrid en quelques jours<\/em>, Lonely Planet<br \/>\n&#8211; <em>Cartoville Madrid<\/em>, Gallimard<br \/>\n&#8211; Apps <em>Barcelona<\/em> et <em>Madrid<\/em> de <em>TripAdvisor<\/em><\/p>\n","protected":false},"excerpt":{"rendered":"<p>Ici, comme d&rsquo;habitude, les d\u00e9tails pratico-pratiques concernant l\u2019organisation de ce voyage: Les vols: &#8211; Le vol A\/R Belgique-Espagne a \u00e9t\u00e9 r\u00e9serv\u00e9 via Airstop.be et Brussels Airlines, au prix de 124\u20ac \/ pers &#8211; Le vol BCN \/ MAD a \u00e9t\u00e9 effectu\u00e9 sur AirEuropa au prix de 80\u20ac \/ pers [on a envisag\u00e9 le train mais [&hellip;]<\/p>\n","protected":false},"author":1,"featured_media":0,"parent":0,"menu_order":0,"comment_status":"open","ping_status":"open","template":"","meta":{"footnotes":""},"class_list":["post-2","page","type-page","status-publish","hentry"],"_links":{"self":[{"href":"https:\/\/buchau.be\/espagne2015\/wp-json\/wp\/v2\/pages\/2","targetHints":{"allow":["GET"]}}],"collection":[{"href":"https:\/\/buchau.be\/espagne2015\/wp-json\/wp\/v2\/pages"}],"about":[{"href":"https:\/\/buchau.be\/espagne2015\/wp-json\/wp\/v2\/types\/page"}],"author":[{"embeddable":true,"href":"https:\/\/buchau.be\/espagne2015\/wp-json\/wp\/v2\/users\/1"}],"replies":[{"embeddable":true,"href":"https:\/\/buchau.be\/espagne2015\/wp-json\/wp\/v2\/comments?post=2"}],"version-history":[{"count":11,"href":"https:\/\/buchau.be\/espagne2015\/wp-json\/wp\/v2\/pages\/2\/revisions"}],"predecessor-version":[{"id":306,"href":"https:\/\/buchau.be\/espagne2015\/wp-json\/wp\/v2\/pages\/2\/revisions\/306"}],"wp:attachment":[{"href":"https:\/\/buchau.be\/espagne2015\/wp-json\/wp\/v2\/media?parent=2"}],"curies":[{"name":"wp","href":"https:\/\/api.w.org\/{rel}","templated":true}]}}