{"id":574,"date":"2016-04-11T21:58:39","date_gmt":"2016-04-11T19:58:39","guid":{"rendered":"http:\/\/buchau.be\/traveltimeline\/?page_id=574"},"modified":"2021-04-28T16:23:11","modified_gmt":"2021-04-28T14:23:11","slug":"pourquoi","status":"publish","type":"page","link":"https:\/\/buchau.be\/traveltimeline\/pourquoi\/","title":{"rendered":"Pourquoi?"},"content":{"rendered":"<p>Pourquoi ces blogs?<\/p>\n<p>Avant (il y a tr\u00e8\u00e8\u00e8\u00e8\u00e8\u00e8\u00e8s longtemps), on faisait des albums photos (version papier). On faisait \u00e7a apr\u00e8s le retour, parfois (tr\u00e8s) longtemps apr\u00e8s et on se rendait compte qu&rsquo;on avait oubli\u00e9 \u00e0 quoi correspondait cette photo ou ce que repr\u00e9sentait telle autre.<\/p>\n<p>Afin d&rsquo;\u00e9viter cela, j&rsquo;ai d\u00e9cid\u00e9 de faire un blog pour chacun de nos voyages (et nos week-ends \ud83d\ude00 ). Cela nous permet de \u00ab\u00a0<em>journaliser<\/em>\u00a0\u00bb nos s\u00e9jours de mani\u00e8re plus pr\u00e9cise. Et, si en plus, cela permet d&rsquo;\u00e9changer avec des amis pendant qu&rsquo;on est parti&#8230; Cela nous fait toujours \u00e9norm\u00e9ment plaisir de lire les commentaires, contrepets et autre consid\u00e9rations de <em>DUF<\/em>, <em>Mai<\/em> et <em>JojoJcf<\/em> (entre autres) alors que nous sommes \u00e0 plusieurs milliers de kms de la maison \ud83d\ude42<\/p>\n<p>Donc, vous l&rsquo;aurez compris, on le fait d&rsquo;abord pour nous mais on est tr\u00e8s heureux de \u00ab\u00a0partager\u00a0\u00bb les images et les ressentis de nos journ\u00e9es pass\u00e9es \u00e0 voyager \/ d\u00e9couvrir \/ profiter \/ \u00ab\u00a0gal\u00e9rer\u00a0\u00bb \/ go\u00fbter \/ rencontrer parfois&#8230;<\/p>\n<p>PS: Comme sur les albums photos d\u2019antan, je reviens r\u00e9guli\u00e8rement sur nos blogs afin de relire tel ou tel \u00e9pisode. Et c&rsquo;est souvent le sourire aux l\u00e8vres que j\u2019\u00e9teins l&rsquo;ordi, en me disant que j&rsquo;ai de la chance d&rsquo;avoir vu\/v\u00e9cu tout cela avec <em>Marie<\/em>&#8230;<\/p>\n","protected":false},"excerpt":{"rendered":"<p>Pourquoi ces blogs? Avant (il y a tr\u00e8\u00e8\u00e8\u00e8\u00e8\u00e8\u00e8s longtemps), on faisait des albums photos (version papier). On faisait \u00e7a apr\u00e8s le retour, parfois (tr\u00e8s) longtemps apr\u00e8s et on se rendait compte qu&rsquo;on avait oubli\u00e9 \u00e0 quoi correspondait cette photo ou ce que repr\u00e9sentait telle autre. Afin d&rsquo;\u00e9viter cela, j&rsquo;ai d\u00e9cid\u00e9 de faire un blog pour &hellip; <\/p>\n<p class=\"link-more\"><a href=\"https:\/\/buchau.be\/traveltimeline\/pourquoi\/\" class=\"more-link\">Continuer la lecture<span class=\"screen-reader-text\"> de &laquo;&nbsp;Pourquoi?&nbsp;&raquo;<\/span><\/a><\/p>\n","protected":false},"author":1,"featured_media":0,"parent":0,"menu_order":0,"comment_status":"closed","ping_status":"closed","template":"","meta":{"footnotes":""},"class_list":["post-574","page","type-page","status-publish","hentry"],"_links":{"self":[{"href":"https:\/\/buchau.be\/traveltimeline\/wp-json\/wp\/v2\/pages\/574","targetHints":{"allow":["GET"]}}],"collection":[{"href":"https:\/\/buchau.be\/traveltimeline\/wp-json\/wp\/v2\/pages"}],"about":[{"href":"https:\/\/buchau.be\/traveltimeline\/wp-json\/wp\/v2\/types\/page"}],"author":[{"embeddable":true,"href":"https:\/\/buchau.be\/traveltimeline\/wp-json\/wp\/v2\/users\/1"}],"replies":[{"embeddable":true,"href":"https:\/\/buchau.be\/traveltimeline\/wp-json\/wp\/v2\/comments?post=574"}],"version-history":[{"count":5,"href":"https:\/\/buchau.be\/traveltimeline\/wp-json\/wp\/v2\/pages\/574\/revisions"}],"predecessor-version":[{"id":1314,"href":"https:\/\/buchau.be\/traveltimeline\/wp-json\/wp\/v2\/pages\/574\/revisions\/1314"}],"wp:attachment":[{"href":"https:\/\/buchau.be\/traveltimeline\/wp-json\/wp\/v2\/media?parent=574"}],"curies":[{"name":"wp","href":"https:\/\/api.w.org\/{rel}","templated":true}]}}